{"id":8,"date":"2018-06-12T18:33:56","date_gmt":"2018-06-12T18:33:56","guid":{"rendered":"http:\/\/www.amelie-alex.com\/?page_id=8"},"modified":"2022-09-16T13:10:06","modified_gmt":"2022-09-16T13:10:06","slug":"privacy-policy","status":"publish","type":"page","link":"https:\/\/www.amelie-alex.com\/fr\/privacy-policy\/","title":{"rendered":"Politique de confidentialit\u00e9"},"content":{"rendered":"<h1><b>Politique \u00e9largie en mati\u00e8re de protection de la vie priv\u00e9e et de cookies<\/b><\/h1>\n<hr \/>\n<p><b>Contr\u00f4leur des donn\u00e9es<\/b><\/p>\n<p>Alessandro Fois<br \/>\nVia Don Mosetto 59, 10015 Ivrea - TO<br \/>\nT\u00e9l. +39 377 1492307<br \/>\nalex.fois@icloud.com<\/p>\n<p><b>Clause de non-responsabilit\u00e9 concernant les droits d'auteur<\/b><\/p>\n<p>La reproduction totale ou partielle du contenu textuel ou graphique sous quelque forme et sur quelque support que ce soit est interdite sans autorisation \u00e9crite pr\u00e9alable. Toutes les marques d\u00e9pos\u00e9es ou utilis\u00e9es de facto \u00e0 long terme par leurs propri\u00e9taires respectifs appartiennent \u00e0 leurs propri\u00e9taires l\u00e9gitimes.<\/p>\n<p>Les contenus textuels et m\u00e9diatiques de ce site sont gratuits pour consultation uniquement, \u00e0 l'exception de ceux pour lesquels un paiement est express\u00e9ment requis pour l'acc\u00e8s \u00e0 des zones restreintes ou la fourniture de services ou de produits, y compris virtuels.<\/p>\n<p>Ces contenus<span class=\"Apple-converted-space\">\u00a0 <\/span>Les contenus textuels ont \u00e9t\u00e9 \u00e9labor\u00e9s avec le plus grand soin et soumis \u00e0 un contr\u00f4le minutieux par le propri\u00e9taire, qui d\u00e9cline toutefois toute responsabilit\u00e9, directe et indirecte, envers les utilisateurs et en g\u00e9n\u00e9ral envers tout tiers, pour tout retard, inexactitude, erreur, omission, dommage (direct, indirect, cons\u00e9cutif, punissable et sanctionnable) r\u00e9sultant des contenus et des services susmentionn\u00e9s.<\/p>\n<p><b>Politique en mati\u00e8re de protection de la vie priv\u00e9e et de cookies<\/b><\/p>\n<p>Ce site web peut utiliser des cookies et d'autres syst\u00e8mes de traitement et de stockage des donn\u00e9es des utilisateurs. Pour en savoir plus et consulter la notice d'information d\u00e9taill\u00e9e, l'utilisateur peut parcourir et consulter ce document et\/ou s'adresser au responsable du traitement des donn\u00e9es par l'interm\u00e9diaire des contacts indiqu\u00e9s ci-dessus.<\/p>\n<p><b>Types de donn\u00e9es collect\u00e9es<\/b><\/p>\n<p>Parmi les donn\u00e9es personnelles collect\u00e9es par ce site Web, que ce soit de mani\u00e8re ind\u00e9pendante ou par l'interm\u00e9diaire de tiers, figurent : Cookies, donn\u00e9es d'utilisation, pr\u00e9nom, nom, courriel et donn\u00e9es divulgu\u00e9es lors de l'utilisation du service.<\/p>\n<p>Des d\u00e9tails complets sur chaque type de donn\u00e9es collect\u00e9es sont fournis dans les sections correspondantes de la pr\u00e9sente politique de confidentialit\u00e9 ou au moyen de textes d'information sp\u00e9cifiques affich\u00e9s avant la collecte des donn\u00e9es.<br \/>\nLes donn\u00e9es personnelles peuvent \u00eatre fournies librement par l'utilisateur ou, dans le cas des donn\u00e9es de l'utilisateur, collect\u00e9es automatiquement lors de l'utilisation de ce site web.<br \/>\nSauf indication contraire, toutes les donn\u00e9es demand\u00e9es par ce site Web sont obligatoires. Si l'Utilisateur refuse de les communiquer, ce Site Web peut \u00eatre dans l'impossibilit\u00e9 de fournir le Service. Dans les cas o\u00f9 ce site Web indique que certaines donn\u00e9es sont facultatives, l'utilisateur est libre de ne pas les communiquer, sans que cela ait une quelconque cons\u00e9quence sur la disponibilit\u00e9 du service ou sur son fonctionnement.<br \/>\nLes utilisateurs qui ont des doutes sur les donn\u00e9es obligatoires sont encourag\u00e9s \u00e0 contacter le contr\u00f4leur.<br \/>\nToute utilisation de cookies - ou d'autres outils de suivi - par ce site Web ou par les propri\u00e9taires de services tiers utilis\u00e9s par ce site Web, sauf indication contraire, a pour but de fournir le service demand\u00e9 par l'utilisateur, en plus des autres objectifs d\u00e9crits dans le pr\u00e9sent document et dans la politique en mati\u00e8re de cookies, si elle est disponible.<\/p>\n<p>L'utilisateur assume la responsabilit\u00e9 des donn\u00e9es personnelles de tiers obtenues, publi\u00e9es ou partag\u00e9es par le biais de ce site Web et garantit qu'il a le droit de les communiquer ou de les diffuser, lib\u00e9rant le propri\u00e9taire de toute responsabilit\u00e9 \u00e0 l'\u00e9gard des tiers.<\/p>\n<p><b>M\u00e9thode et lieu de traitement des donn\u00e9es<\/b><\/p>\n<p><b>Modes de traitement<\/b><\/p>\n<p>Le contr\u00f4leur prend des mesures de s\u00e9curit\u00e9 appropri\u00e9es pour emp\u00eacher l'acc\u00e8s non autoris\u00e9, la divulgation, la modification ou la destruction des donn\u00e9es \u00e0 caract\u00e8re personnel.<br \/>\nLe traitement est effectu\u00e9 \u00e0 l'aide d'instruments informatiques et\/ou t\u00e9l\u00e9matiques, avec des m\u00e9thodes d'organisation et des logiques strictement li\u00e9es aux finalit\u00e9s indiqu\u00e9es. Outre le Responsable du traitement, dans certains cas, d'autres sujets impliqu\u00e9s dans l'organisation de ce site Web (administratifs, commerciaux, marketing, juridiques, administrateurs de syst\u00e8mes) ou des sujets externes (tels que des prestataires de services techniques tiers, des courriers postaux, des fournisseurs d'h\u00e9bergement, des soci\u00e9t\u00e9s informatiques, des agences de communication) \u00e9galement nomm\u00e9s, si n\u00e9cessaire, Responsables du traitement par le Responsable du traitement, peuvent avoir acc\u00e8s aux donn\u00e9es. La liste actualis\u00e9e des responsables du traitement des donn\u00e9es peut toujours \u00eatre demand\u00e9e au responsable du traitement des donn\u00e9es.<\/p>\n<p><b>Base juridique du traitement<\/b><\/p>\n<p>Le contr\u00f4leur traite les donn\u00e9es personnelles relatives \u00e0 l'utilisateur si l'une des conditions suivantes est remplie :<\/p>\n<ul>\n<li>l'utilisateur a donn\u00e9 son consentement pour un ou plusieurs objectifs sp\u00e9cifiques ; Remarque : dans certaines juridictions, le responsable du traitement peut \u00eatre autoris\u00e9 \u00e0 traiter les donn\u00e9es personnelles sans le consentement de l'utilisateur ou l'une des autres bases juridiques sp\u00e9cifi\u00e9es ci-dessous, jusqu'\u00e0 ce que l'utilisateur s'oppose (\"opt-out\") \u00e0 un tel traitement. Toutefois, cela ne s'applique pas lorsque le traitement des donn\u00e9es personnelles est r\u00e9gi par la l\u00e9gislation europ\u00e9enne sur la protection des donn\u00e9es personnelles ;<\/li>\n<li>le traitement est n\u00e9cessaire \u00e0 l'ex\u00e9cution d'un contrat avec l'utilisateur et\/ou \u00e0 l'ex\u00e9cution de mesures pr\u00e9contractuelles ;<\/li>\n<li>le traitement est n\u00e9cessaire pour respecter une obligation l\u00e9gale \u00e0 laquelle le contr\u00f4leur est soumis ;<\/li>\n<li>le traitement est n\u00e9cessaire \u00e0 l'ex\u00e9cution d'une t\u00e2che effectu\u00e9e dans l'int\u00e9r\u00eat public ou dans l'exercice de l'autorit\u00e9 publique dont est investi le responsable du traitement ;<\/li>\n<li>le traitement est n\u00e9cessaire \u00e0 la poursuite de l'int\u00e9r\u00eat l\u00e9gitime du responsable du traitement ou de tiers.<\/li>\n<\/ul>\n<p>Toutefois, il est toujours possible de demander au responsable du traitement de pr\u00e9ciser la base juridique concr\u00e8te de chaque op\u00e9ration de traitement et, en particulier, de sp\u00e9cifier si le traitement est fond\u00e9 sur la loi, exig\u00e9 par un contrat ou n\u00e9cessaire \u00e0 la conclusion d'un contrat.<\/p>\n<p><b>Lieu<\/b><\/p>\n<p>Les donn\u00e9es sont trait\u00e9es dans les locaux du contr\u00f4leur et dans tout autre lieu o\u00f9 se trouvent les parties impliqu\u00e9es dans le traitement. Pour de plus amples informations, veuillez contacter le contr\u00f4leur des donn\u00e9es.<br \/>\nVos donn\u00e9es \u00e0 caract\u00e8re personnel peuvent \u00eatre transf\u00e9r\u00e9es dans un pays autre que celui o\u00f9 vous vous trouvez. Pour plus d'informations sur le lieu de traitement, l'utilisateur peut se r\u00e9f\u00e9rer \u00e0 la section sur les d\u00e9tails du traitement des donn\u00e9es \u00e0 caract\u00e8re personnel.<\/p>\n<p>L'utilisateur a le droit d'obtenir des informations sur la base juridique du transfert des donn\u00e9es en dehors de l'Union europ\u00e9enne ou \u00e0 une organisation internationale de droit public international ou compos\u00e9e de deux pays ou plus, telle que l'ONU, ainsi que sur les mesures de s\u00e9curit\u00e9 prises par le responsable du traitement pour prot\u00e9ger les donn\u00e9es.<\/p>\n<p>Si l'un des transferts d\u00e9crits ci-dessus a lieu, l'utilisateur peut se r\u00e9f\u00e9rer aux sections correspondantes du pr\u00e9sent document ou demander des informations au contr\u00f4leur en le contactant aux coordonn\u00e9es indiqu\u00e9es au d\u00e9but.<\/p>\n<p><b>P\u00e9riode de conservation<\/b><\/p>\n<p>Les donn\u00e9es sont trait\u00e9es et conserv\u00e9es pendant la dur\u00e9e n\u00e9cessaire aux finalit\u00e9s pour lesquelles elles ont \u00e9t\u00e9 collect\u00e9es.<\/p>\n<p>C'est pourquoi :<\/p>\n<ul>\n<li>Les donn\u00e9es personnelles collect\u00e9es \u00e0 des fins li\u00e9es \u00e0 l'ex\u00e9cution d'un contrat entre le contr\u00f4leur et l'utilisateur seront conserv\u00e9es jusqu'\u00e0 la fin de l'ex\u00e9cution de ce contrat.<\/li>\n<li>Les donn\u00e9es personnelles collect\u00e9es \u00e0 des fins li\u00e9es \u00e0 l'int\u00e9r\u00eat l\u00e9gitime du responsable du traitement seront conserv\u00e9es jusqu'\u00e0 ce que cet int\u00e9r\u00eat soit satisfait. L'utilisateur peut obtenir de plus amples informations concernant l'int\u00e9r\u00eat l\u00e9gitime poursuivi par le responsable du traitement dans les sections pertinentes du pr\u00e9sent document ou en contactant le responsable du traitement.<\/li>\n<\/ul>\n<p>Lorsque le traitement est fond\u00e9 sur le consentement de l'utilisateur, le contr\u00f4leur peut conserver les donn\u00e9es personnelles pendant une p\u00e9riode plus longue jusqu'\u00e0 ce que ce consentement soit r\u00e9voqu\u00e9. En outre, le contr\u00f4leur peut \u00eatre oblig\u00e9 de conserver les donn\u00e9es personnelles pendant une p\u00e9riode plus longue pour se conformer \u00e0 une obligation l\u00e9gale ou sur ordre d'une autorit\u00e9.<\/p>\n<p>\u00c0 la fin de la p\u00e9riode de conservation, les donn\u00e9es \u00e0 caract\u00e8re personnel seront supprim\u00e9es. Par cons\u00e9quent, \u00e0 la fin de cette p\u00e9riode, le droit d'acc\u00e8s, d'annulation, de rectification et le droit \u00e0 la portabilit\u00e9 des donn\u00e9es ne peuvent plus \u00eatre exerc\u00e9s.<\/p>\n<p><b>Finalit\u00e9s du traitement des donn\u00e9es<\/b><\/p>\n<p>Les donn\u00e9es de l'utilisateur sont collect\u00e9es pour permettre au propri\u00e9taire de fournir ses services, ainsi qu'aux fins suivantes : Interaction avec les r\u00e9seaux sociaux et les plateformes externes, Statistiques, Contact avec l'Utilisateur, Interaction avec les plateformes de chat en direct, Affichage de contenu provenant de plateformes externes, Services de plateforme et d'h\u00e9bergement et Gestion des paiements.<\/p>\n<p>Pour obtenir des informations plus d\u00e9taill\u00e9es sur les finalit\u00e9s du traitement et les donn\u00e9es \u00e0 caract\u00e8re personnel concr\u00e8tement pertinentes pour chaque finalit\u00e9, l'utilisateur peut se r\u00e9f\u00e9rer aux sections correspondantes du pr\u00e9sent document.<\/p>\n<p><b>D\u00e9tails du traitement des donn\u00e9es personnelles<\/b><\/p>\n<p>Les donn\u00e9es \u00e0 caract\u00e8re personnel sont collect\u00e9es aux fins suivantes et en utilisant les services suivants :<\/p>\n<ul>\n<li><b>Contacter l'utilisateur<br \/>\nFormulaire de contact (ce site web)<br \/>\n<\/b>En remplissant le formulaire de contact avec ses donn\u00e9es, l'utilisateur consent \u00e0 l'utilisation de ces donn\u00e9es pour r\u00e9pondre aux demandes d'information, de devis ou de toute autre nature indiqu\u00e9e dans l'en-t\u00eate du formulaire.<br \/>\nDonn\u00e9es personnelles collect\u00e9es : nom, email, t\u00e9l\u00e9phone, pr\u00e9nom, autres donn\u00e9es de contact et autres informations propos\u00e9es par l'utilisateur dans le but de dialoguer avec le contenu.<br \/>\n<b>Liste de diffusion ou bulletin d'information (ce site web)<br \/>\n<\/b>En s'inscrivant \u00e0 la liste de diffusion ou \u00e0 la lettre d'information, l'adresse \u00e9lectronique de l'utilisateur est automatiquement ajout\u00e9e \u00e0 une liste de contacts auxquels peuvent \u00eatre envoy\u00e9s des messages \u00e9lectroniques contenant des informations, y compris de nature commerciale et promotionnelle, relatives \u00e0 ce site web. L'adresse \u00e9lectronique de l'utilisateur peut \u00e9galement \u00eatre ajout\u00e9e \u00e0 cette liste \u00e0 la suite d'un enregistrement sur ce site web ou d'un achat.<br \/>\nDonn\u00e9es personnelles collect\u00e9es : donn\u00e9es de base essentielles et donn\u00e9es de contact<\/li>\n<li><b>Interaction avec les r\u00e9seaux sociaux et les plateformes externes<br \/>\n<\/b>Ce type de service permet d'interagir avec des r\u00e9seaux sociaux ou d'autres plateformes externes, directement \u00e0 partir des pages de ce site web.<br \/>\nLes interactions et les informations obtenues \u00e0 partir de ce site web sont dans chaque cas soumises aux param\u00e8tres de confidentialit\u00e9 de l'utilisateur relatifs \u00e0 chaque r\u00e9seau social.<br \/>\nSi un service d'interaction avec les r\u00e9seaux sociaux est install\u00e9, il est possible que, m\u00eame si les utilisateurs ne l'utilisent pas, il recueille des donn\u00e9es de trafic relatives aux pages o\u00f9 il est install\u00e9.<br \/>\n<b>AddThis (Addthis Inc.)<br \/>\n<\/b>AddThis est un service fourni par Clearspring Technologies Inc. qui affiche un widget permettant d'interagir avec des r\u00e9seaux sociaux et des plateformes externes et de partager du contenu sur ce site Web.<br \/>\nSelon la configuration, ce service peut afficher des widgets appartenant \u00e0 des tiers, tels que les op\u00e9rateurs des r\u00e9seaux sociaux sur lesquels vous partagez des interactions. Dans ce cas, les tiers qui fournissent le widget auront \u00e9galement connaissance de l'interaction r\u00e9alis\u00e9e et des donn\u00e9es d'utilisation relatives aux pages o\u00f9 ce service est install\u00e9.<br \/>\nDonn\u00e9es personnelles collect\u00e9es : cookies et donn\u00e9es d'utilisation.<br \/>\nLieu de transformation : \u00c9tats-Unis -\u00a0<a href=\"https:\/\/www.addthis.com\/privacy\/privacy-policy\">Politique de confidentialit\u00e9<\/a>.<br \/>\n<b>Bouton +1 et widgets sociaux de Google+ (Google Inc.)<br \/>\n<\/b>Le bouton +1 et les widgets sociaux Google+ sont des services d'interaction avec le r\u00e9seau social Google+, fournis par Google Inc.<br \/>\nDonn\u00e9es personnelles collect\u00e9es : cookies et donn\u00e9es d'utilisation.<br \/>\nLieu de transformation : \u00c9tats-Unis -\u00a0<a href=\"https:\/\/www.google.com\/intl\/it\/policies\/privacy\/\">Politique de confidentialit\u00e9<\/a>. Adh\u00e9sion au bouclier de protection de la vie priv\u00e9e.<br \/>\n<b>Bouton \"J'aime\" et widgets sociaux de Facebook (Facebook, Inc.)<br \/>\n<\/b>Le bouton \"J'aime\" de Facebook et les widgets sociaux sont des services d'interaction avec le r\u00e9seau social Facebook, fournis par Facebook, Inc.<br \/>\nDonn\u00e9es personnelles collect\u00e9es : cookies et donn\u00e9es d'utilisation.<br \/>\nLieu de transformation : \u00c9tats-Unis -\u00a0<a href=\"https:\/\/www.facebook.com\/privacy\/explanation\">Politique de confidentialit\u00e9<\/a>. Adh\u00e9sion au bouclier de protection de la vie priv\u00e9e.<br \/>\n<b>Bouton Twitter Tweet et widgets sociaux (Twitter, Inc.)<br \/>\n<\/b>Le bouton Tweet et les widgets sociaux Twitter sont des services permettant d'interagir avec le r\u00e9seau social Twitter, fournis par Twitter, Inc.<br \/>\nDonn\u00e9es personnelles collect\u00e9es : cookies et donn\u00e9es d'utilisation.<br \/>\nLieu de transformation : \u00c9tats-Unis -\u00a0<a href=\"https:\/\/twitter.com\/privacy\">Politique de confidentialit\u00e9<\/a>. Adh\u00e9sion au bouclier de protection de la vie priv\u00e9e.<\/li>\n<li><b>Plateforme et services d'h\u00e9bergement<br \/>\n<\/b>Ces services sont destin\u00e9s \u00e0 h\u00e9berger et \u00e0 exploiter des \u00e9l\u00e9ments cl\u00e9s de ce site web, ce qui permet de fournir ce site web \u00e0 partir d'une plate-forme unique. Ces plateformes fournissent au Propri\u00e9taire une large gamme d'outils tels que, par exemple, des outils analytiques, la gestion de l'enregistrement des utilisateurs, la gestion des commentaires et des bases de donn\u00e9es, le commerce \u00e9lectronique, le traitement des paiements, etc. L'utilisation de ces outils implique la collecte et le traitement de donn\u00e9es personnelles. L'utilisation de ces outils implique la collecte et le traitement de donn\u00e9es personnelles. Certains de ces services fonctionnent par l'interm\u00e9diaire de serveurs g\u00e9ographiquement dispers\u00e9s dans diff\u00e9rents endroits, ce qui rend difficile la d\u00e9termination de l'endroit exact o\u00f9 les donn\u00e9es personnelles sont stock\u00e9es (bien que le droit de l'utilisateur de demander leur suppression \u00e0 l'unit\u00e9 d'administration centrale soit conserv\u00e9, ce qui affectera les serveurs o\u00f9 qu'ils soient situ\u00e9s.<\/li>\n<li><b>Statistiques<br \/>\n<\/b>Les services contenus dans cette section permettent au contr\u00f4leur des donn\u00e9es de surveiller et d'analyser les donn\u00e9es relatives au trafic et servent \u00e0 suivre le comportement de l'utilisateur.<br \/>\n<b>Google Analytics (Google Inc.)<br \/>\n<\/b>Google Analytics est un service d'analyse web fourni par Google Inc. (\"Google\"). Google utilise les donn\u00e9es personnelles collect\u00e9es dans le but d'\u00e9valuer votre utilisation de ce site web, de compiler des rapports et de les partager avec d'autres services fournis par Google.<br \/>\nGoogle peut utiliser les donn\u00e9es personnelles pour contextualiser et personnaliser les annonces de son r\u00e9seau publicitaire.<br \/>\nDonn\u00e9es personnelles collect\u00e9es : cookies et donn\u00e9es d'utilisation.<br \/>\nLieu de transformation : \u00c9tats-Unis -\u00a0<a href=\"https:\/\/www.google.com\/intl\/it\/policies\/privacy\/\">Politique de confidentialit\u00e9<\/a>\u00a0-\u00a0<a href=\"https:\/\/tools.google.com\/dlpage\/gaoptout?hl=it\">Refus de participer<\/a>. Adh\u00e9sion au bouclier de protection de la vie priv\u00e9e.<\/li>\n<li><b>Affichage de contenu provenant de plateformes externes<br \/>\n<\/b>Ce type de service permet d'afficher des contenus h\u00e9berg\u00e9s sur des plateformes externes directement \u00e0 partir des pages de ce site web et d'interagir avec eux.<br \/>\nSi un tel service est install\u00e9, il est possible que, m\u00eame si les utilisateurs ne l'utilisent pas, il recueille des donn\u00e9es de trafic relatives aux pages o\u00f9 il est install\u00e9.<br \/>\n<b>Google Fonts (Google Inc.)<br \/>\n<\/b>Google Fonts est un service d'affichage de polices exploit\u00e9 par Google Inc. qui permet \u00e0 ce site web d'int\u00e9grer des polices dans ses pages.<br \/>\nDonn\u00e9es personnelles collect\u00e9es : donn\u00e9es d'utilisation et divers types de donn\u00e9es tels que sp\u00e9cifi\u00e9s dans la politique de confidentialit\u00e9 du service.<br \/>\nLieu de transformation : \u00c9tats-Unis -\u00a0<a href=\"https:\/\/www.google.it\/intl\/policies\/privacy\/\">Politique de confidentialit\u00e9<\/a>. Adh\u00e9sion au bouclier de protection de la vie priv\u00e9e.<br \/>\n<b>Widget Google Maps (Google Inc.)<br \/>\n<\/b>Google Maps est un service d'affichage de cartes exploit\u00e9 par Google Inc. qui permet \u00e0 ce site Web d'int\u00e9grer ce contenu dans ses pages.<br \/>\nDonn\u00e9es personnelles collect\u00e9es : cookies et donn\u00e9es d'utilisation.<br \/>\nLieu de transformation : \u00c9tats-Unis -\u00a0<a href=\"https:\/\/www.google.it\/intl\/it\/policies\/privacy\/\">Politique de confidentialit\u00e9<\/a>. Adh\u00e9sion au bouclier de protection de la vie priv\u00e9e.<br \/>\n<b>Autres services de repr\u00e9sentation cartographique interactive<\/b><\/li>\n<\/ul>\n<p>qui peuvent conserver les donn\u00e9es de localisation de l'utilisateur pendant le temps n\u00e9cessaire \u00e0 la fourniture du service demand\u00e9 par l'utilisateur, puis \u00eatre perdues lorsque l'utilisateur ferme le navigateur<\/p>\n<p><b>Droits de l'utilisateur<\/b><\/p>\n<p>Les utilisateurs peuvent exercer certains droits concernant les donn\u00e9es trait\u00e9es par le contr\u00f4leur des donn\u00e9es.<\/p>\n<p>En particulier, l'utilisateur a le droit de :<\/p>\n<ul>\n<li><b>retirer son consentement \u00e0 tout moment.<\/b>\u00a0L'utilisateur peut r\u00e9voquer le consentement qu'il a pr\u00e9c\u00e9demment exprim\u00e9 pour le traitement de ses donn\u00e9es personnelles.<\/li>\n<li><b>s'opposer au traitement de leurs donn\u00e9es.<\/b>\u00a0Vous pouvez vous opposer au traitement de vos donn\u00e9es lorsqu'il est effectu\u00e9 sur une base juridique autre que le consentement. Pour plus de d\u00e9tails sur le droit d'opposition, voir la section ci-dessous.<\/li>\n<li><b>l'acc\u00e8s \u00e0 leurs donn\u00e9es.<\/b>\u00a0L'utilisateur a le droit d'obtenir des informations sur les donn\u00e9es trait\u00e9es par le contr\u00f4leur, sur certains aspects du traitement et de recevoir une copie des donn\u00e9es trait\u00e9es.<\/li>\n<li><b>v\u00e9rifier et demander la rectification.<\/b>\u00a0L'utilisateur peut v\u00e9rifier l'exactitude de ses donn\u00e9es et demander qu'elles soient mises \u00e0 jour ou corrig\u00e9es.<\/li>\n<li><b>obtenir la limitation du traitement.<\/b>\u00a0Lorsque certaines conditions sont r\u00e9unies, l'utilisateur peut demander la limitation du traitement de ses donn\u00e9es. Dans ce cas, le responsable du traitement ne traitera pas les donn\u00e9es \u00e0 d'autres fins que leur stockage.<\/li>\n<li><b>obtenir la suppression ou le retrait de leurs donn\u00e9es \u00e0 caract\u00e8re personnel.<\/b>\u00a0Lorsque certaines conditions sont remplies, l'utilisateur peut demander la suppression de ses donn\u00e9es par le contr\u00f4leur.<\/li>\n<li><b>recevoir leurs donn\u00e9es ou les faire transf\u00e9rer \u00e0 un autre responsable du traitement.<\/b>\u00a0L'utilisateur a le droit de recevoir ses donn\u00e9es dans un format structur\u00e9, couramment utilis\u00e9 et lisible par machine et, lorsque cela est techniquement possible, de les faire transf\u00e9rer sans entrave \u00e0 un autre responsable du traitement. Cette disposition s'applique lorsque les donn\u00e9es sont trait\u00e9es de mani\u00e8re automatis\u00e9e et que le traitement est fond\u00e9 sur le consentement de l'utilisateur, sur un contrat auquel l'utilisateur est partie ou sur des mesures contractuelles connexes.<\/li>\n<li><b>d\u00e9poser une plainte.<\/b>\u00a0L'utilisateur peut d\u00e9poser une plainte aupr\u00e8s de l'autorit\u00e9 de contr\u00f4le comp\u00e9tente en mati\u00e8re de protection des donn\u00e9es ou intenter une action en justice en cas de violation des r\u00e8gles.<\/li>\n<\/ul>\n<p><b>D\u00e9tails sur le droit d'opposition<\/b><\/p>\n<p>Lorsque les donn\u00e9es personnelles sont trait\u00e9es dans l'int\u00e9r\u00eat public, dans l'exercice de l'autorit\u00e9 publique dont est investi le responsable du traitement ou dans la poursuite d'un int\u00e9r\u00eat l\u00e9gitime du responsable du traitement, les utilisateurs ont le droit de s'opposer au traitement pour des raisons li\u00e9es \u00e0 leur situation particuli\u00e8re.<\/p>\n<p>Les utilisateurs sont inform\u00e9s que, si leurs donn\u00e9es sont trait\u00e9es \u00e0 des fins de marketing direct, ils peuvent s'opposer au traitement sans donner de raison. Pour savoir si le contr\u00f4leur traite des donn\u00e9es \u00e0 des fins de marketing direct, les utilisateurs peuvent se r\u00e9f\u00e9rer aux sections correspondantes du pr\u00e9sent document.<\/p>\n<p><b>Comment exercer ses droits<\/b><\/p>\n<p>Afin d'exercer leurs droits, les utilisateurs peuvent adresser une demande aux coordonn\u00e9es du responsable du traitement indiqu\u00e9es dans le pr\u00e9sent document. Les demandes sont d\u00e9pos\u00e9es gratuitement et trait\u00e9es par le responsable du traitement dans les meilleurs d\u00e9lais, en tout \u00e9tat de cause dans un d\u00e9lai d'un mois.<\/p>\n<p><b>Plus d'informations sur le traitement<\/b><\/p>\n<p><b>La d\u00e9fense au tribunal<\/b><\/p>\n<p>Les donn\u00e9es personnelles de l'utilisateur peuvent \u00eatre utilis\u00e9es par le contr\u00f4leur des donn\u00e9es dans le cadre d'une proc\u00e9dure judiciaire ou dans les phases pr\u00e9paratoires d'une telle proc\u00e9dure afin de se d\u00e9fendre contre les abus dans l'utilisation de ce site Web ou des services connexes par l'utilisateur.<br \/>\nL'utilisateur d\u00e9clare \u00eatre conscient que le responsable du traitement des donn\u00e9es peut \u00eatre oblig\u00e9 de divulguer les donn\u00e9es sur ordre des autorit\u00e9s publiques.<\/p>\n<p><b>Informations sp\u00e9cifiques<\/b><\/p>\n<p>\u00c0 la demande de l'utilisateur, outre les informations contenues dans la pr\u00e9sente politique de confidentialit\u00e9, ce site web peut fournir \u00e0 l'utilisateur des informations suppl\u00e9mentaires et contextuelles concernant des services sp\u00e9cifiques ou la collecte et le traitement des donn\u00e9es \u00e0 caract\u00e8re personnel.<\/p>\n<p><b>Journaux et maintenance du syst\u00e8me<\/b><\/p>\n<p>\u00c0 des fins d'exploitation et de maintenance, ce site web et les services tiers qu'il utilise peuvent collecter des journaux de syst\u00e8me, c'est-\u00e0-dire des fichiers qui enregistrent les interactions et qui peuvent \u00e9galement contenir des donn\u00e9es \u00e0 caract\u00e8re personnel, telles que l'adresse IP de l'utilisateur.<\/p>\n<p><b>Informations non contenues dans la pr\u00e9sente politique<\/b><\/p>\n<p>De plus amples informations concernant le traitement des donn\u00e9es personnelles peuvent \u00eatre demand\u00e9es \u00e0 tout moment au contr\u00f4leur des donn\u00e9es en utilisant les coordonn\u00e9es de contact.<\/p>\n<p><b>R\u00e9pondre aux demandes de \"Ne pas suivre\" (Do Not Track)<\/b><\/p>\n<p>Ce site web ne prend pas en charge les demandes de \"Do Not Track\".<br \/>\nPour savoir si les services tiers utilis\u00e9s les prennent en charge, l'utilisateur est invit\u00e9 \u00e0 consulter leurs politiques de confidentialit\u00e9 respectives.<\/p>\n<p><b>Modifications de la pr\u00e9sente politique de confidentialit\u00e9<\/b><\/p>\n<p>Le responsable du traitement des donn\u00e9es se r\u00e9serve le droit de modifier \u00e0 tout moment la pr\u00e9sente politique de confidentialit\u00e9. L'utilisateur est donc tenu de consulter r\u00e9guli\u00e8rement cette page, en se r\u00e9f\u00e9rant \u00e0 la date de la derni\u00e8re modification indiqu\u00e9e en bas de page.<\/p>\n<p>Si les modifications affectent le traitement dont la base juridique est le consentement, le contr\u00f4leur recueillera \u00e0 nouveau le consentement de l'utilisateur, si n\u00e9cessaire.<\/p>\n<p><b>D\u00e9finitions et r\u00e9f\u00e9rences juridiques<\/b><\/p>\n<p><b>Donn\u00e9es personnelles (ou donn\u00e9es)<\/b><\/p>\n<p>Les donn\u00e9es \u00e0 caract\u00e8re personnel sont toutes les informations qui, directement ou indirectement, m\u00eame en conjonction avec d'autres informations, y compris un num\u00e9ro d'identification personnel, permettent d'identifier ou de reconna\u00eetre une personne physique.<\/p>\n<p><b>Donn\u00e9es d'utilisation<\/b><\/p>\n<p>Il s'agit des informations collect\u00e9es automatiquement par le biais de ce site web (y compris par les applications de tiers int\u00e9gr\u00e9es dans ce site web), notamment : les adresses IP ou les noms de domaine des ordinateurs utilis\u00e9s par l'utilisateur qui se connecte \u00e0 ce site web, les adresses de notation URI (Uniform Resource Identifier), l'heure de la demande, la m\u00e9thode utilis\u00e9e pour transmettre la demande au serveur, la taille du fichier obtenu en r\u00e9ponse, le code num\u00e9rique indiquant l'\u00e9tat de la r\u00e9ponse du serveur (succ\u00e8s, erreur, etc.), le pays d'origine, les caract\u00e9ristiques du navigateur et du syst\u00e8me d'exploitation utilis\u00e9s par le visiteur, les diff\u00e9rentes connotations temporelles de la visite (par exemple, le temps pass\u00e9 sur chaque page) et les d\u00e9tails de l'itin\u00e9raire suivi par l'utilisateur.) le pays d'origine, les caract\u00e9ristiques du navigateur et du syst\u00e8me d'exploitation utilis\u00e9s par le visiteur, les diff\u00e9rentes connotations temporelles de la visite (par exemple le temps pass\u00e9 sur chaque page) et les d\u00e9tails de l'itin\u00e9raire suivi au sein de l'application, en particulier la s\u00e9quence des pages consult\u00e9es, les param\u00e8tres relatifs au syst\u00e8me d'exploitation et \u00e0 l'environnement informatique de l'utilisateur.<\/p>\n<p><b>Utilisateur<\/b><\/p>\n<p>La personne qui utilise ce site web et qui, sauf indication contraire, est la personne concern\u00e9e.<\/p>\n<p><b>Int\u00e9ress\u00e9<\/b><\/p>\n<p>La personne physique \u00e0 laquelle se r\u00e9f\u00e8rent les donn\u00e9es \u00e0 caract\u00e8re personnel.<\/p>\n<p><b>Processeur (ou gestionnaire)<\/b><\/p>\n<p>La personne physique, l'entit\u00e9 juridique, l'administration publique et toute autre entit\u00e9 qui traite des donn\u00e9es \u00e0 caract\u00e8re personnel pour le compte du contr\u00f4leur, comme indiqu\u00e9 dans la pr\u00e9sente politique de confidentialit\u00e9.<\/p>\n<p><b>Contr\u00f4leur des donn\u00e9es (ou propri\u00e9taire)<\/b><\/p>\n<p>La personne physique ou morale, l'autorit\u00e9 publique, le service ou tout autre organisme qui, individuellement ou conjointement avec d'autres, d\u00e9termine les finalit\u00e9s et les moyens du traitement des donn\u00e9es \u00e0 caract\u00e8re personnel ainsi que les instruments adopt\u00e9s, y compris les mesures de s\u00e9curit\u00e9 relatives au fonctionnement et \u00e0 l'utilisation de ce site web. Le contr\u00f4leur des donn\u00e9es, sauf indication contraire, est le propri\u00e9taire de ce site web.<\/p>\n<p><b>Ce site web (ou cette application)<\/b><\/p>\n<p>L'outil mat\u00e9riel ou logiciel par lequel les donn\u00e9es personnelles des utilisateurs sont collect\u00e9es et trait\u00e9es.<\/p>\n<p><b>Service<\/b><\/p>\n<p>Le service fourni par ce site Web, tel que d\u00e9fini dans les conditions pertinentes (le cas \u00e9ch\u00e9ant) sur ce site\/cette application.<\/p>\n<p><b>Union europ\u00e9enne (ou UE)<\/b><\/p>\n<p>Sauf indication contraire, toute r\u00e9f\u00e9rence \u00e0 l'Union europ\u00e9enne dans le pr\u00e9sent document est r\u00e9put\u00e9e s'\u00e9tendre \u00e0 tous les \u00c9tats membres actuels de l'Union europ\u00e9enne et de l'Espace \u00e9conomique europ\u00e9en.<\/p>\n<p><b>Cookie<\/b><\/p>\n<p>Petite partie des donn\u00e9es stock\u00e9es dans l'appareil de l'utilisateur.<\/p>\n<p><b>R\u00e9f\u00e9rences juridiques<\/b><\/p>\n<p>La pr\u00e9sente politique de confidentialit\u00e9 est \u00e9labor\u00e9e sur la base de multiples r\u00e9glementations l\u00e9gales, notamment les articles 13 et 14 du r\u00e8glement (UE) 2016\/679.<\/p>\n<p>Sauf indication contraire, la pr\u00e9sente politique de confidentialit\u00e9 concerne exclusivement ce site web.<\/p>\n<p><b>Document mis \u00e0 jour le 16\/09\/2022<\/b><\/p>","protected":false},"excerpt":{"rendered":"<p>Informativa estesa su privacy e cookies Titolare del Trattamento dei Dati Alessandro Fois Via Don Mosetto 59, 10015 Ivrea &#8211; TO Tel. +39 377 1492307 alex.fois@icloud.com Copyright disclaimer La riproduzione totale o parziale dei contenuti testuali o grafici in qualsiasi forma e su qualsiasi media senza previa autorizzazione scritta, \u00e8 vietata. Tutti i marchi registrati [&hellip;]<\/p>\n","protected":false},"author":1,"featured_media":0,"parent":0,"menu_order":0,"comment_status":"closed","ping_status":"closed","template":"","meta":{"footnotes":""},"class_list":["post-8","page","type-page","status-publish","hentry"],"yoast_head":"<!-- This site is optimized with the Yoast SEO plugin v27.1.1 - https:\/\/yoast.com\/product\/yoast-seo-wordpress\/ -->\n<title>Privacy Policy - Am\u00e9lie &amp; Alex - Musica da Vivo per Eventi<\/title>\n<meta name=\"robots\" content=\"index, follow, max-snippet:-1, max-image-preview:large, max-video-preview:-1\" \/>\n<link rel=\"canonical\" href=\"https:\/\/www.amelie-alex.com\/fr\/privacy-policy\/\" \/>\n<meta property=\"og:locale\" content=\"fr_FR\" \/>\n<meta property=\"og:type\" content=\"article\" \/>\n<meta property=\"og:title\" content=\"Privacy Policy - Am\u00e9lie &amp; Alex - Musica da Vivo per Eventi\" \/>\n<meta property=\"og:description\" content=\"Informativa estesa su privacy e cookies Titolare del Trattamento dei Dati Alessandro Fois Via Don Mosetto 59, 10015 Ivrea &#8211; TO Tel. +39 377 1492307 alex.fois@icloud.com Copyright disclaimer La riproduzione totale o parziale dei contenuti testuali o grafici in qualsiasi forma e su qualsiasi media senza previa autorizzazione scritta, \u00e8 vietata. Tutti i marchi registrati [&hellip;]\" \/>\n<meta property=\"og:url\" content=\"https:\/\/www.amelie-alex.com\/fr\/privacy-policy\/\" \/>\n<meta property=\"og:site_name\" content=\"Am\u00e9lie &amp; Alex - Musica da Vivo per Eventi\" \/>\n<meta property=\"article:modified_time\" content=\"2022-09-16T13:10:06+00:00\" \/>\n<meta name=\"twitter:card\" content=\"summary_large_image\" \/>\n<meta name=\"twitter:label1\" content=\"Dur\u00e9e de lecture estim\u00e9e\" \/>\n\t<meta name=\"twitter:data1\" content=\"18 minutes\" \/>\n<script type=\"application\/ld+json\" class=\"yoast-schema-graph\">{\"@context\":\"https:\/\/schema.org\",\"@graph\":[{\"@type\":\"WebPage\",\"@id\":\"https:\/\/www.amelie-alex.com\/privacy-policy\/\",\"url\":\"https:\/\/www.amelie-alex.com\/privacy-policy\/\",\"name\":\"Privacy Policy - Am\u00e9lie &amp; Alex - Musica da Vivo per Eventi\",\"isPartOf\":{\"@id\":\"https:\/\/www.amelie-alex.com\/#website\"},\"datePublished\":\"2018-06-12T18:33:56+00:00\",\"dateModified\":\"2022-09-16T13:10:06+00:00\",\"breadcrumb\":{\"@id\":\"https:\/\/www.amelie-alex.com\/privacy-policy\/#breadcrumb\"},\"inLanguage\":\"fr-FR\",\"potentialAction\":[{\"@type\":\"ReadAction\",\"target\":[\"https:\/\/www.amelie-alex.com\/privacy-policy\/\"]}]},{\"@type\":\"BreadcrumbList\",\"@id\":\"https:\/\/www.amelie-alex.com\/privacy-policy\/#breadcrumb\",\"itemListElement\":[{\"@type\":\"ListItem\",\"position\":1,\"name\":\"Home\",\"item\":\"https:\/\/www.amelie-alex.com\/\"},{\"@type\":\"ListItem\",\"position\":2,\"name\":\"Privacy Policy\"}]},{\"@type\":\"WebSite\",\"@id\":\"https:\/\/www.amelie-alex.com\/#website\",\"url\":\"https:\/\/www.amelie-alex.com\/\",\"name\":\"Am\u00e9lie &amp; Alex - Musica da Vivo per Eventi\",\"description\":\"Top Class Live Music - Musica dal Vivo di Alta Classe\",\"publisher\":{\"@id\":\"https:\/\/www.amelie-alex.com\/#organization\"},\"potentialAction\":[{\"@type\":\"SearchAction\",\"target\":{\"@type\":\"EntryPoint\",\"urlTemplate\":\"https:\/\/www.amelie-alex.com\/?s={search_term_string}\"},\"query-input\":{\"@type\":\"PropertyValueSpecification\",\"valueRequired\":true,\"valueName\":\"search_term_string\"}}],\"inLanguage\":\"fr-FR\"},{\"@type\":\"Organization\",\"@id\":\"https:\/\/www.amelie-alex.com\/#organization\",\"name\":\"Am\u00e9lie & Alex\",\"url\":\"https:\/\/www.amelie-alex.com\/\",\"logo\":{\"@type\":\"ImageObject\",\"inLanguage\":\"fr-FR\",\"@id\":\"https:\/\/www.amelie-alex.com\/#\/schema\/logo\/image\/\",\"url\":\"https:\/\/www.amelie-alex.com\/wp-content\/uploads\/2018\/06\/LOGO-Amelie-Alex-1.png\",\"contentUrl\":\"https:\/\/www.amelie-alex.com\/wp-content\/uploads\/2018\/06\/LOGO-Amelie-Alex-1.png\",\"width\":340,\"height\":156,\"caption\":\"Am\u00e9lie & Alex\"},\"image\":{\"@id\":\"https:\/\/www.amelie-alex.com\/#\/schema\/logo\/image\/\"}}]}<\/script>\n<!-- \/ Yoast SEO plugin. -->","yoast_head_json":{"title":"Politique de confidentialit\u00e9 - Am\u00e9lie &amp; Alex - Musique en direct pour les \u00e9v\u00e9nements","robots":{"index":"index","follow":"follow","max-snippet":"max-snippet:-1","max-image-preview":"max-image-preview:large","max-video-preview":"max-video-preview:-1"},"canonical":"https:\/\/www.amelie-alex.com\/fr\/privacy-policy\/","og_locale":"fr_FR","og_type":"article","og_title":"Privacy Policy - Am\u00e9lie &amp; Alex - Musica da Vivo per Eventi","og_description":"Informativa estesa su privacy e cookies Titolare del Trattamento dei Dati Alessandro Fois Via Don Mosetto 59, 10015 Ivrea &#8211; TO Tel. +39 377 1492307 alex.fois@icloud.com Copyright disclaimer La riproduzione totale o parziale dei contenuti testuali o grafici in qualsiasi forma e su qualsiasi media senza previa autorizzazione scritta, \u00e8 vietata. Tutti i marchi registrati [&hellip;]","og_url":"https:\/\/www.amelie-alex.com\/fr\/privacy-policy\/","og_site_name":"Am\u00e9lie &amp; Alex - Musica da Vivo per Eventi","article_modified_time":"2022-09-16T13:10:06+00:00","twitter_card":"summary_large_image","twitter_misc":{"Dur\u00e9e de lecture estim\u00e9e":"18 minutes"},"schema":{"@context":"https:\/\/schema.org","@graph":[{"@type":"WebPage","@id":"https:\/\/www.amelie-alex.com\/privacy-policy\/","url":"https:\/\/www.amelie-alex.com\/privacy-policy\/","name":"Politique de confidentialit\u00e9 - Am\u00e9lie &amp; Alex - Musique en direct pour les \u00e9v\u00e9nements","isPartOf":{"@id":"https:\/\/www.amelie-alex.com\/#website"},"datePublished":"2018-06-12T18:33:56+00:00","dateModified":"2022-09-16T13:10:06+00:00","breadcrumb":{"@id":"https:\/\/www.amelie-alex.com\/privacy-policy\/#breadcrumb"},"inLanguage":"fr-FR","potentialAction":[{"@type":"ReadAction","target":["https:\/\/www.amelie-alex.com\/privacy-policy\/"]}]},{"@type":"BreadcrumbList","@id":"https:\/\/www.amelie-alex.com\/privacy-policy\/#breadcrumb","itemListElement":[{"@type":"ListItem","position":1,"name":"Home","item":"https:\/\/www.amelie-alex.com\/"},{"@type":"ListItem","position":2,"name":"Privacy Policy"}]},{"@type":"WebSite","@id":"https:\/\/www.amelie-alex.com\/#website","url":"https:\/\/www.amelie-alex.com\/","name":"Am\u00e9lie &amp; Alex - Musique en direct pour les \u00e9v\u00e9nements","description":"Top Class Live Music - Musique en direct de grande qualit\u00e9","publisher":{"@id":"https:\/\/www.amelie-alex.com\/#organization"},"potentialAction":[{"@type":"SearchAction","target":{"@type":"EntryPoint","urlTemplate":"https:\/\/www.amelie-alex.com\/?s={search_term_string}"},"query-input":{"@type":"PropertyValueSpecification","valueRequired":true,"valueName":"search_term_string"}}],"inLanguage":"fr-FR"},{"@type":"Organization","@id":"https:\/\/www.amelie-alex.com\/#organization","name":"Am\u00e9lie &amp; Alex","url":"https:\/\/www.amelie-alex.com\/","logo":{"@type":"ImageObject","inLanguage":"fr-FR","@id":"https:\/\/www.amelie-alex.com\/#\/schema\/logo\/image\/","url":"https:\/\/www.amelie-alex.com\/wp-content\/uploads\/2018\/06\/LOGO-Amelie-Alex-1.png","contentUrl":"https:\/\/www.amelie-alex.com\/wp-content\/uploads\/2018\/06\/LOGO-Amelie-Alex-1.png","width":340,"height":156,"caption":"Am\u00e9lie & Alex"},"image":{"@id":"https:\/\/www.amelie-alex.com\/#\/schema\/logo\/image\/"}}]}},"_links":{"self":[{"href":"https:\/\/www.amelie-alex.com\/fr\/wp-json\/wp\/v2\/pages\/8","targetHints":{"allow":["GET"]}}],"collection":[{"href":"https:\/\/www.amelie-alex.com\/fr\/wp-json\/wp\/v2\/pages"}],"about":[{"href":"https:\/\/www.amelie-alex.com\/fr\/wp-json\/wp\/v2\/types\/page"}],"author":[{"embeddable":true,"href":"https:\/\/www.amelie-alex.com\/fr\/wp-json\/wp\/v2\/users\/1"}],"replies":[{"embeddable":true,"href":"https:\/\/www.amelie-alex.com\/fr\/wp-json\/wp\/v2\/comments?post=8"}],"version-history":[{"count":3,"href":"https:\/\/www.amelie-alex.com\/fr\/wp-json\/wp\/v2\/pages\/8\/revisions"}],"predecessor-version":[{"id":611,"href":"https:\/\/www.amelie-alex.com\/fr\/wp-json\/wp\/v2\/pages\/8\/revisions\/611"}],"wp:attachment":[{"href":"https:\/\/www.amelie-alex.com\/fr\/wp-json\/wp\/v2\/media?parent=8"}],"curies":[{"name":"wp","href":"https:\/\/api.w.org\/{rel}","templated":true}]}}